{"id":447,"date":"2026-05-22T15:09:40","date_gmt":"2026-05-22T15:09:40","guid":{"rendered":"https:\/\/davidmaranius.ch\/?post_type=product&#038;p=447"},"modified":"2026-06-15T18:30:44","modified_gmt":"2026-06-15T18:30:44","slug":"flug-der-goettin-charme-halskette","status":"publish","type":"product","link":"https:\/\/davidmaranius.ch\/index.php\/produkt\/flug-der-goettin-charme-halskette\/","title":{"rendered":"Flug der G\u00f6ttin &#8211; Charme &#8211; Halskette"},"content":{"rendered":"<p>F\u00fcr Bewusstsein &amp; Wissen<\/p>\n<p>Ein Fl\u00fcstern des Schattens, sanfte Fl\u00fcgel in der D\u00e4mmerung, die Eule warnt vor nahender Gefahr. Unter einem Halbmond, weise und wild, fliegt sie schnell durch die Emmentaler W\u00e4lder und erfasst die Wahrheit.<\/p>\n<p>Entworfen von Briar, wird jedes St\u00fcck einzeln mit eigener Kette und Geschenkbeutel verpackt. Farben und Steine k\u00f6nnen variieren.<\/p>\n<p>Greenwood-Kollektion<br \/>\nDer mythische Greenwood-Wald ist die Heimat unserer Vorfahren &#8211; Menschen und Feen &#8211; und ihrer tierischen Verb\u00fcndeten. Unsere Greenwood-Kollektion verzauberter Schmuckst\u00fccke ist fein detailliert, um Tr\u00e4ger mit ihren waldigen Urspr\u00fcngen zu verbinden.<\/p>\n<p>Anh\u00e4nger misst 4 cm x 4 cm.<\/p>\n","protected":false},"excerpt":{"rendered":"<p>F\u00fcr Bewusstsein &amp; Wissen<\/p>\n","protected":false},"featured_media":540,"comment_status":"open","ping_status":"closed","template":"","meta":[],"product_brand":[],"product_cat":[82],"product_tag":[84,87,94,83,95,85],"class_list":["post-447","product","type-product","status-publish","has-post-thumbnail","product_cat-schmuck","product_tag-anhaenger","product_tag-edelsteine","product_tag-eule","product_tag-keltisch","product_tag-mond","product_tag-schmuck","first","instock","shipping-taxable","purchasable","product-type-simple"],"yoast_head":"<!-- This site is optimized with the Yoast SEO plugin v28.4 - https:\/\/yoast.com\/product\/yoast-seo-wordpress\/ -->\n<title>Flug der G\u00f6ttin - Charme - Halskette - Davidmaranius<\/title>\n<meta name=\"description\" content=\"Ein Fl\u00fcstern des Schattens, sanfte Fl\u00fcgel in der D\u00e4mmerung, die Eule warnt vor nahender Gefahr. Unter einem Halbmond, weise und wild, fliegt sie.\" \/>\n<meta name=\"robots\" content=\"index, follow, max-snippet:-1, max-image-preview:large, max-video-preview:-1\" \/>\n<link rel=\"canonical\" href=\"https:\/\/davidmaranius.ch\/index.php\/produkt\/flug-der-goettin-charme-halskette\/\" \/>\n<meta property=\"og:locale\" content=\"de_DE\" \/>\n<meta property=\"og:type\" content=\"article\" \/>\n<meta property=\"og:title\" content=\"Flug der G\u00f6ttin - Charme - Halskette - Davidmaranius\" \/>\n<meta property=\"og:description\" content=\"Ein Fl\u00fcstern des Schattens, sanfte Fl\u00fcgel in der D\u00e4mmerung, die Eule warnt vor nahender Gefahr. Unter einem Halbmond, weise und wild, fliegt sie.\" \/>\n<meta property=\"og:url\" content=\"https:\/\/davidmaranius.ch\/index.php\/produkt\/flug-der-goettin-charme-halskette\/\" \/>\n<meta property=\"og:site_name\" content=\"Davidmaranius\" \/>\n<meta property=\"article:modified_time\" content=\"2026-06-15T18:30:44+00:00\" \/>\n<meta property=\"og:image\" content=\"https:\/\/davidmaranius.ch\/wp-content\/uploads\/2026\/05\/ChatGPT-Image-15.-Juni-2026-20_25_17.jpg\" \/>\n\t<meta property=\"og:image:width\" content=\"1086\" \/>\n\t<meta property=\"og:image:height\" content=\"1448\" \/>\n\t<meta property=\"og:image:type\" content=\"image\/jpeg\" \/>\n<meta name=\"twitter:card\" content=\"summary_large_image\" \/>\n<meta name=\"twitter:label1\" content=\"Gesch\u00e4tzte Lesezeit\" \/>\n\t<meta name=\"twitter:data1\" content=\"1\u00a0Minute\" \/>\n<script type=\"application\/ld+json\" class=\"yoast-schema-graph\">{\"@context\":\"https:\\\/\\\/schema.org\",\"@graph\":[{\"@type\":\"WebPage\",\"@id\":\"https:\\\/\\\/davidmaranius.ch\\\/index.php\\\/produkt\\\/flug-der-goettin-charme-halskette\\\/\",\"url\":\"https:\\\/\\\/davidmaranius.ch\\\/index.php\\\/produkt\\\/flug-der-goettin-charme-halskette\\\/\",\"name\":\"Flug der G\u00f6ttin - Charme - Halskette - Davidmaranius\",\"isPartOf\":{\"@id\":\"https:\\\/\\\/davidmaranius.ch\\\/#website\"},\"primaryImageOfPage\":{\"@id\":\"https:\\\/\\\/davidmaranius.ch\\\/index.php\\\/produkt\\\/flug-der-goettin-charme-halskette\\\/#primaryimage\"},\"image\":{\"@id\":\"https:\\\/\\\/davidmaranius.ch\\\/index.php\\\/produkt\\\/flug-der-goettin-charme-halskette\\\/#primaryimage\"},\"thumbnailUrl\":\"https:\\\/\\\/davidmaranius.ch\\\/wp-content\\\/uploads\\\/2026\\\/05\\\/ChatGPT-Image-15.-Juni-2026-20_25_17.jpg\",\"datePublished\":\"2026-05-22T15:09:40+00:00\",\"dateModified\":\"2026-06-15T18:30:44+00:00\",\"description\":\"Ein Fl\u00fcstern des Schattens, sanfte Fl\u00fcgel in der D\u00e4mmerung, die Eule warnt vor nahender Gefahr. Unter einem Halbmond, weise und wild, fliegt sie.\",\"breadcrumb\":{\"@id\":\"https:\\\/\\\/davidmaranius.ch\\\/index.php\\\/produkt\\\/flug-der-goettin-charme-halskette\\\/#breadcrumb\"},\"inLanguage\":\"de\",\"potentialAction\":[{\"@type\":\"ReadAction\",\"target\":[\"https:\\\/\\\/davidmaranius.ch\\\/index.php\\\/produkt\\\/flug-der-goettin-charme-halskette\\\/\"]}]},{\"@type\":\"ImageObject\",\"inLanguage\":\"de\",\"@id\":\"https:\\\/\\\/davidmaranius.ch\\\/index.php\\\/produkt\\\/flug-der-goettin-charme-halskette\\\/#primaryimage\",\"url\":\"https:\\\/\\\/davidmaranius.ch\\\/wp-content\\\/uploads\\\/2026\\\/05\\\/ChatGPT-Image-15.-Juni-2026-20_25_17.jpg\",\"contentUrl\":\"https:\\\/\\\/davidmaranius.ch\\\/wp-content\\\/uploads\\\/2026\\\/05\\\/ChatGPT-Image-15.-Juni-2026-20_25_17.jpg\",\"width\":1086,\"height\":1448},{\"@type\":\"BreadcrumbList\",\"@id\":\"https:\\\/\\\/davidmaranius.ch\\\/index.php\\\/produkt\\\/flug-der-goettin-charme-halskette\\\/#breadcrumb\",\"itemListElement\":[{\"@type\":\"ListItem\",\"position\":1,\"name\":\"Start\",\"item\":\"https:\\\/\\\/davidmaranius.ch\\\/\"},{\"@type\":\"ListItem\",\"position\":2,\"name\":\"Produkte\",\"item\":\"https:\\\/\\\/davidmaranius.ch\\\/index.php\\\/shop\\\/\"},{\"@type\":\"ListItem\",\"position\":3,\"name\":\"Flug der G\u00f6ttin &#8211; Charme &#8211; Halskette\"}]},{\"@type\":\"WebSite\",\"@id\":\"https:\\\/\\\/davidmaranius.ch\\\/#website\",\"url\":\"https:\\\/\\\/davidmaranius.ch\\\/\",\"name\":\"Davidmaranius\",\"description\":\"\",\"publisher\":{\"@id\":\"https:\\\/\\\/davidmaranius.ch\\\/#organization\"},\"potentialAction\":[{\"@type\":\"SearchAction\",\"target\":{\"@type\":\"EntryPoint\",\"urlTemplate\":\"https:\\\/\\\/davidmaranius.ch\\\/?s={search_term_string}\"},\"query-input\":{\"@type\":\"PropertyValueSpecification\",\"valueRequired\":true,\"valueName\":\"search_term_string\"}}],\"inLanguage\":\"de\"},{\"@type\":\"Organization\",\"@id\":\"https:\\\/\\\/davidmaranius.ch\\\/#organization\",\"name\":\"Davidmaranius\",\"url\":\"https:\\\/\\\/davidmaranius.ch\\\/\",\"logo\":{\"@type\":\"ImageObject\",\"inLanguage\":\"de\",\"@id\":\"https:\\\/\\\/davidmaranius.ch\\\/#\\\/schema\\\/logo\\\/image\\\/\",\"url\":\"https:\\\/\\\/davidmaranius.ch\\\/wp-content\\\/uploads\\\/2026\\\/03\\\/logo-uhu.png\",\"contentUrl\":\"https:\\\/\\\/davidmaranius.ch\\\/wp-content\\\/uploads\\\/2026\\\/03\\\/logo-uhu.png\",\"width\":2560,\"height\":2560,\"caption\":\"Davidmaranius\"},\"image\":{\"@id\":\"https:\\\/\\\/davidmaranius.ch\\\/#\\\/schema\\\/logo\\\/image\\\/\"},\"sameAs\":[\"https:\\\/\\\/www.instagram.com\\\/_davidmaranius_\\\/\"]}]}<\/script>\n<!-- \/ Yoast SEO plugin. -->","yoast_head_json":{"title":"Flug der G\u00f6ttin - Charme - Halskette - Davidmaranius","description":"Ein Fl\u00fcstern des Schattens, sanfte Fl\u00fcgel in der D\u00e4mmerung, die Eule warnt vor nahender Gefahr. Unter einem Halbmond, weise und wild, fliegt sie.","robots":{"index":"index","follow":"follow","max-snippet":"max-snippet:-1","max-image-preview":"max-image-preview:large","max-video-preview":"max-video-preview:-1"},"canonical":"https:\/\/davidmaranius.ch\/index.php\/produkt\/flug-der-goettin-charme-halskette\/","og_locale":"de_DE","og_type":"article","og_title":"Flug der G\u00f6ttin - Charme - Halskette - Davidmaranius","og_description":"Ein Fl\u00fcstern des Schattens, sanfte Fl\u00fcgel in der D\u00e4mmerung, die Eule warnt vor nahender Gefahr. Unter einem Halbmond, weise und wild, fliegt sie.","og_url":"https:\/\/davidmaranius.ch\/index.php\/produkt\/flug-der-goettin-charme-halskette\/","og_site_name":"Davidmaranius","article_modified_time":"2026-06-15T18:30:44+00:00","og_image":[{"width":1086,"height":1448,"url":"https:\/\/davidmaranius.ch\/wp-content\/uploads\/2026\/05\/ChatGPT-Image-15.-Juni-2026-20_25_17.jpg","type":"image\/jpeg"}],"twitter_card":"summary_large_image","twitter_misc":{"Gesch\u00e4tzte Lesezeit":"1\u00a0Minute"},"schema":{"@context":"https:\/\/schema.org","@graph":[{"@type":"WebPage","@id":"https:\/\/davidmaranius.ch\/index.php\/produkt\/flug-der-goettin-charme-halskette\/","url":"https:\/\/davidmaranius.ch\/index.php\/produkt\/flug-der-goettin-charme-halskette\/","name":"Flug der G\u00f6ttin - Charme - Halskette - Davidmaranius","isPartOf":{"@id":"https:\/\/davidmaranius.ch\/#website"},"primaryImageOfPage":{"@id":"https:\/\/davidmaranius.ch\/index.php\/produkt\/flug-der-goettin-charme-halskette\/#primaryimage"},"image":{"@id":"https:\/\/davidmaranius.ch\/index.php\/produkt\/flug-der-goettin-charme-halskette\/#primaryimage"},"thumbnailUrl":"https:\/\/davidmaranius.ch\/wp-content\/uploads\/2026\/05\/ChatGPT-Image-15.-Juni-2026-20_25_17.jpg","datePublished":"2026-05-22T15:09:40+00:00","dateModified":"2026-06-15T18:30:44+00:00","description":"Ein Fl\u00fcstern des Schattens, sanfte Fl\u00fcgel in der D\u00e4mmerung, die Eule warnt vor nahender Gefahr. Unter einem Halbmond, weise und wild, fliegt sie.","breadcrumb":{"@id":"https:\/\/davidmaranius.ch\/index.php\/produkt\/flug-der-goettin-charme-halskette\/#breadcrumb"},"inLanguage":"de","potentialAction":[{"@type":"ReadAction","target":["https:\/\/davidmaranius.ch\/index.php\/produkt\/flug-der-goettin-charme-halskette\/"]}]},{"@type":"ImageObject","inLanguage":"de","@id":"https:\/\/davidmaranius.ch\/index.php\/produkt\/flug-der-goettin-charme-halskette\/#primaryimage","url":"https:\/\/davidmaranius.ch\/wp-content\/uploads\/2026\/05\/ChatGPT-Image-15.-Juni-2026-20_25_17.jpg","contentUrl":"https:\/\/davidmaranius.ch\/wp-content\/uploads\/2026\/05\/ChatGPT-Image-15.-Juni-2026-20_25_17.jpg","width":1086,"height":1448},{"@type":"BreadcrumbList","@id":"https:\/\/davidmaranius.ch\/index.php\/produkt\/flug-der-goettin-charme-halskette\/#breadcrumb","itemListElement":[{"@type":"ListItem","position":1,"name":"Start","item":"https:\/\/davidmaranius.ch\/"},{"@type":"ListItem","position":2,"name":"Produkte","item":"https:\/\/davidmaranius.ch\/index.php\/shop\/"},{"@type":"ListItem","position":3,"name":"Flug der G\u00f6ttin &#8211; Charme &#8211; Halskette"}]},{"@type":"WebSite","@id":"https:\/\/davidmaranius.ch\/#website","url":"https:\/\/davidmaranius.ch\/","name":"Davidmaranius","description":"","publisher":{"@id":"https:\/\/davidmaranius.ch\/#organization"},"potentialAction":[{"@type":"SearchAction","target":{"@type":"EntryPoint","urlTemplate":"https:\/\/davidmaranius.ch\/?s={search_term_string}"},"query-input":{"@type":"PropertyValueSpecification","valueRequired":true,"valueName":"search_term_string"}}],"inLanguage":"de"},{"@type":"Organization","@id":"https:\/\/davidmaranius.ch\/#organization","name":"Davidmaranius","url":"https:\/\/davidmaranius.ch\/","logo":{"@type":"ImageObject","inLanguage":"de","@id":"https:\/\/davidmaranius.ch\/#\/schema\/logo\/image\/","url":"https:\/\/davidmaranius.ch\/wp-content\/uploads\/2026\/03\/logo-uhu.png","contentUrl":"https:\/\/davidmaranius.ch\/wp-content\/uploads\/2026\/03\/logo-uhu.png","width":2560,"height":2560,"caption":"Davidmaranius"},"image":{"@id":"https:\/\/davidmaranius.ch\/#\/schema\/logo\/image\/"},"sameAs":["https:\/\/www.instagram.com\/_davidmaranius_\/"]}]}},"_links":{"self":[{"href":"https:\/\/davidmaranius.ch\/index.php\/wp-json\/wp\/v2\/product\/447","targetHints":{"allow":["GET"]}}],"collection":[{"href":"https:\/\/davidmaranius.ch\/index.php\/wp-json\/wp\/v2\/product"}],"about":[{"href":"https:\/\/davidmaranius.ch\/index.php\/wp-json\/wp\/v2\/types\/product"}],"replies":[{"embeddable":true,"href":"https:\/\/davidmaranius.ch\/index.php\/wp-json\/wp\/v2\/comments?post=447"}],"wp:featuredmedia":[{"embeddable":true,"href":"https:\/\/davidmaranius.ch\/index.php\/wp-json\/wp\/v2\/media\/540"}],"wp:attachment":[{"href":"https:\/\/davidmaranius.ch\/index.php\/wp-json\/wp\/v2\/media?parent=447"}],"wp:term":[{"taxonomy":"product_brand","embeddable":true,"href":"https:\/\/davidmaranius.ch\/index.php\/wp-json\/wp\/v2\/product_brand?post=447"},{"taxonomy":"product_cat","embeddable":true,"href":"https:\/\/davidmaranius.ch\/index.php\/wp-json\/wp\/v2\/product_cat?post=447"},{"taxonomy":"product_tag","embeddable":true,"href":"https:\/\/davidmaranius.ch\/index.php\/wp-json\/wp\/v2\/product_tag?post=447"}],"curies":[{"name":"wp","href":"https:\/\/api.w.org\/{rel}","templated":true}]}}