{"id":481,"date":"2026-06-02T17:07:14","date_gmt":"2026-06-02T17:07:14","guid":{"rendered":"https:\/\/davidmaranius.ch\/?post_type=product&#038;p=481"},"modified":"2026-07-20T05:42:09","modified_gmt":"2026-07-20T05:42:09","slug":"raeucherfaecher-mit-bergkristall-und-rune","status":"publish","type":"product","link":"https:\/\/davidmaranius.ch\/index.php\/produkt\/raeucherfaecher-mit-bergkristall-und-rune\/","title":{"rendered":"R\u00e4ucherf\u00e4cher mit Bergkristall und Rune"},"content":{"rendered":"<p data-start=\"50\" data-end=\"350\">Dieser handgefertigte R\u00e4ucherf\u00e4cher vereint die Kraft nat\u00fcrlicher Materialien mit achtsamer Handwerkskunst. Verarbeitet werden ausgew\u00e4hlte Federn, ein echtes Rehgeweih sowie ein klarer Bergkristall als Herzst\u00fcck des F\u00e4chers. Auf Wunsch kann der Bergkristall mit einer pers\u00f6nlichen Rune versehen werden.<\/p>\n<p data-start=\"352\" data-end=\"587\"><strong>Pers\u00f6nlicher F\u00e4cher: <\/strong><\/p>\n<p data-start=\"352\" data-end=\"587\">Jeder F\u00e4cher entsteht in ritueller Arbeit, mit viel Hingabe, Demut und Respekt gegen\u00fcber den verwendeten Naturmaterialien. Das Fuchsfell wird individuell nach Wunsch ausgew\u00e4hlt und verleiht jedem St\u00fcck seinen einzigartigen Charakter.<\/p>\n<p data-start=\"589\" data-end=\"754\" data-is-last-node=\"\" data-is-only-node=\"\">So entsteht ein kraftvoller Begleiter f\u00fcr R\u00e4ucherungen, Rituale, Meditation oder deinen pers\u00f6nlichen spirituellen Weg \u2013 jedes St\u00fcck ein liebevoll gefertigtes Unikat.<\/p>\n","protected":false},"excerpt":{"rendered":"<p>Jeder F\u00e4cher entsteht in ritueller Arbeit, mit viel Hingabe, Demut und Respekt gegen\u00fcber den verwendeten Naturmaterialien.<\/p>\n","protected":false},"featured_media":575,"comment_status":"open","ping_status":"closed","template":"","meta":[],"product_brand":[],"product_cat":[29],"product_tag":[113,107,112,111,108,109,106,110],"class_list":["post-481","product","type-product","status-publish","has-post-thumbnail","product_cat-runenzauber","product_tag-bergkristall","product_tag-faecher","product_tag-federn","product_tag-nordisch","product_tag-raecuhern","product_tag-ritualwerkzeug","product_tag-rune","product_tag-schamanisch","first","instock","shipping-taxable","purchasable","product-type-variable"],"yoast_head":"<!-- This site is optimized with the Yoast SEO plugin v28.4 - https:\/\/yoast.com\/product\/yoast-seo-wordpress\/ -->\n<title>R\u00e4ucherf\u00e4cher mit Bergkristall und Rune - Davidmaranius<\/title>\n<meta name=\"description\" content=\"Dieser handgefertigte R\u00e4ucherf\u00e4cher vereint die Kraft nat\u00fcrlicher Materialien mit achtsamer Handwerkskunst. Verarbeitet werden ausgew\u00e4hlte Federn.\" \/>\n<meta name=\"robots\" content=\"index, follow, max-snippet:-1, max-image-preview:large, max-video-preview:-1\" \/>\n<link rel=\"canonical\" href=\"https:\/\/davidmaranius.ch\/index.php\/produkt\/raeucherfaecher-mit-bergkristall-und-rune\/\" \/>\n<meta property=\"og:locale\" content=\"de_DE\" \/>\n<meta property=\"og:type\" content=\"article\" \/>\n<meta property=\"og:title\" content=\"R\u00e4ucherf\u00e4cher mit Bergkristall und Rune - Davidmaranius\" \/>\n<meta property=\"og:description\" content=\"Dieser handgefertigte R\u00e4ucherf\u00e4cher vereint die Kraft nat\u00fcrlicher Materialien mit achtsamer Handwerkskunst. Verarbeitet werden ausgew\u00e4hlte Federn.\" \/>\n<meta property=\"og:url\" content=\"https:\/\/davidmaranius.ch\/index.php\/produkt\/raeucherfaecher-mit-bergkristall-und-rune\/\" \/>\n<meta property=\"og:site_name\" content=\"Davidmaranius\" \/>\n<meta property=\"article:modified_time\" content=\"2026-07-20T05:42:09+00:00\" \/>\n<meta property=\"og:image\" content=\"https:\/\/davidmaranius.ch\/wp-content\/uploads\/2026\/06\/ChatGPT-Image-11.-Juli-2026-19_23_58.jpg\" \/>\n\t<meta property=\"og:image:width\" content=\"1122\" \/>\n\t<meta property=\"og:image:height\" content=\"1402\" \/>\n\t<meta property=\"og:image:type\" content=\"image\/jpeg\" \/>\n<meta name=\"twitter:card\" content=\"summary_large_image\" \/>\n<meta name=\"twitter:label1\" content=\"Gesch\u00e4tzte Lesezeit\" \/>\n\t<meta name=\"twitter:data1\" content=\"1\u00a0Minute\" \/>\n<script type=\"application\/ld+json\" class=\"yoast-schema-graph\">{\"@context\":\"https:\\\/\\\/schema.org\",\"@graph\":[{\"@type\":\"WebPage\",\"@id\":\"https:\\\/\\\/davidmaranius.ch\\\/index.php\\\/produkt\\\/raeucherfaecher-mit-bergkristall-und-rune\\\/\",\"url\":\"https:\\\/\\\/davidmaranius.ch\\\/index.php\\\/produkt\\\/raeucherfaecher-mit-bergkristall-und-rune\\\/\",\"name\":\"R\u00e4ucherf\u00e4cher mit Bergkristall und Rune - Davidmaranius\",\"isPartOf\":{\"@id\":\"https:\\\/\\\/davidmaranius.ch\\\/#website\"},\"primaryImageOfPage\":{\"@id\":\"https:\\\/\\\/davidmaranius.ch\\\/index.php\\\/produkt\\\/raeucherfaecher-mit-bergkristall-und-rune\\\/#primaryimage\"},\"image\":{\"@id\":\"https:\\\/\\\/davidmaranius.ch\\\/index.php\\\/produkt\\\/raeucherfaecher-mit-bergkristall-und-rune\\\/#primaryimage\"},\"thumbnailUrl\":\"https:\\\/\\\/davidmaranius.ch\\\/wp-content\\\/uploads\\\/2026\\\/06\\\/ChatGPT-Image-11.-Juli-2026-19_23_58.jpg\",\"datePublished\":\"2026-06-02T17:07:14+00:00\",\"dateModified\":\"2026-07-20T05:42:09+00:00\",\"description\":\"Dieser handgefertigte R\u00e4ucherf\u00e4cher vereint die Kraft nat\u00fcrlicher Materialien mit achtsamer Handwerkskunst. Verarbeitet werden ausgew\u00e4hlte Federn.\",\"breadcrumb\":{\"@id\":\"https:\\\/\\\/davidmaranius.ch\\\/index.php\\\/produkt\\\/raeucherfaecher-mit-bergkristall-und-rune\\\/#breadcrumb\"},\"inLanguage\":\"de\",\"potentialAction\":[{\"@type\":\"ReadAction\",\"target\":[\"https:\\\/\\\/davidmaranius.ch\\\/index.php\\\/produkt\\\/raeucherfaecher-mit-bergkristall-und-rune\\\/\"]}]},{\"@type\":\"ImageObject\",\"inLanguage\":\"de\",\"@id\":\"https:\\\/\\\/davidmaranius.ch\\\/index.php\\\/produkt\\\/raeucherfaecher-mit-bergkristall-und-rune\\\/#primaryimage\",\"url\":\"https:\\\/\\\/davidmaranius.ch\\\/wp-content\\\/uploads\\\/2026\\\/06\\\/ChatGPT-Image-11.-Juli-2026-19_23_58.jpg\",\"contentUrl\":\"https:\\\/\\\/davidmaranius.ch\\\/wp-content\\\/uploads\\\/2026\\\/06\\\/ChatGPT-Image-11.-Juli-2026-19_23_58.jpg\",\"width\":1122,\"height\":1402},{\"@type\":\"BreadcrumbList\",\"@id\":\"https:\\\/\\\/davidmaranius.ch\\\/index.php\\\/produkt\\\/raeucherfaecher-mit-bergkristall-und-rune\\\/#breadcrumb\",\"itemListElement\":[{\"@type\":\"ListItem\",\"position\":1,\"name\":\"Start\",\"item\":\"https:\\\/\\\/davidmaranius.ch\\\/\"},{\"@type\":\"ListItem\",\"position\":2,\"name\":\"Produkte\",\"item\":\"https:\\\/\\\/davidmaranius.ch\\\/index.php\\\/shop\\\/\"},{\"@type\":\"ListItem\",\"position\":3,\"name\":\"R\u00e4ucherf\u00e4cher mit Bergkristall und Rune\"}]},{\"@type\":\"WebSite\",\"@id\":\"https:\\\/\\\/davidmaranius.ch\\\/#website\",\"url\":\"https:\\\/\\\/davidmaranius.ch\\\/\",\"name\":\"Davidmaranius\",\"description\":\"\",\"publisher\":{\"@id\":\"https:\\\/\\\/davidmaranius.ch\\\/#organization\"},\"potentialAction\":[{\"@type\":\"SearchAction\",\"target\":{\"@type\":\"EntryPoint\",\"urlTemplate\":\"https:\\\/\\\/davidmaranius.ch\\\/?s={search_term_string}\"},\"query-input\":{\"@type\":\"PropertyValueSpecification\",\"valueRequired\":true,\"valueName\":\"search_term_string\"}}],\"inLanguage\":\"de\"},{\"@type\":\"Organization\",\"@id\":\"https:\\\/\\\/davidmaranius.ch\\\/#organization\",\"name\":\"Davidmaranius\",\"url\":\"https:\\\/\\\/davidmaranius.ch\\\/\",\"logo\":{\"@type\":\"ImageObject\",\"inLanguage\":\"de\",\"@id\":\"https:\\\/\\\/davidmaranius.ch\\\/#\\\/schema\\\/logo\\\/image\\\/\",\"url\":\"https:\\\/\\\/davidmaranius.ch\\\/wp-content\\\/uploads\\\/2026\\\/03\\\/logo-uhu.png\",\"contentUrl\":\"https:\\\/\\\/davidmaranius.ch\\\/wp-content\\\/uploads\\\/2026\\\/03\\\/logo-uhu.png\",\"width\":2560,\"height\":2560,\"caption\":\"Davidmaranius\"},\"image\":{\"@id\":\"https:\\\/\\\/davidmaranius.ch\\\/#\\\/schema\\\/logo\\\/image\\\/\"},\"sameAs\":[\"https:\\\/\\\/www.instagram.com\\\/_davidmaranius_\\\/\"]}]}<\/script>\n<!-- \/ Yoast SEO plugin. -->","yoast_head_json":{"title":"R\u00e4ucherf\u00e4cher mit Bergkristall und Rune - Davidmaranius","description":"Dieser handgefertigte R\u00e4ucherf\u00e4cher vereint die Kraft nat\u00fcrlicher Materialien mit achtsamer Handwerkskunst. Verarbeitet werden ausgew\u00e4hlte Federn.","robots":{"index":"index","follow":"follow","max-snippet":"max-snippet:-1","max-image-preview":"max-image-preview:large","max-video-preview":"max-video-preview:-1"},"canonical":"https:\/\/davidmaranius.ch\/index.php\/produkt\/raeucherfaecher-mit-bergkristall-und-rune\/","og_locale":"de_DE","og_type":"article","og_title":"R\u00e4ucherf\u00e4cher mit Bergkristall und Rune - Davidmaranius","og_description":"Dieser handgefertigte R\u00e4ucherf\u00e4cher vereint die Kraft nat\u00fcrlicher Materialien mit achtsamer Handwerkskunst. Verarbeitet werden ausgew\u00e4hlte Federn.","og_url":"https:\/\/davidmaranius.ch\/index.php\/produkt\/raeucherfaecher-mit-bergkristall-und-rune\/","og_site_name":"Davidmaranius","article_modified_time":"2026-07-20T05:42:09+00:00","og_image":[{"width":1122,"height":1402,"url":"https:\/\/davidmaranius.ch\/wp-content\/uploads\/2026\/06\/ChatGPT-Image-11.-Juli-2026-19_23_58.jpg","type":"image\/jpeg"}],"twitter_card":"summary_large_image","twitter_misc":{"Gesch\u00e4tzte Lesezeit":"1\u00a0Minute"},"schema":{"@context":"https:\/\/schema.org","@graph":[{"@type":"WebPage","@id":"https:\/\/davidmaranius.ch\/index.php\/produkt\/raeucherfaecher-mit-bergkristall-und-rune\/","url":"https:\/\/davidmaranius.ch\/index.php\/produkt\/raeucherfaecher-mit-bergkristall-und-rune\/","name":"R\u00e4ucherf\u00e4cher mit Bergkristall und Rune - Davidmaranius","isPartOf":{"@id":"https:\/\/davidmaranius.ch\/#website"},"primaryImageOfPage":{"@id":"https:\/\/davidmaranius.ch\/index.php\/produkt\/raeucherfaecher-mit-bergkristall-und-rune\/#primaryimage"},"image":{"@id":"https:\/\/davidmaranius.ch\/index.php\/produkt\/raeucherfaecher-mit-bergkristall-und-rune\/#primaryimage"},"thumbnailUrl":"https:\/\/davidmaranius.ch\/wp-content\/uploads\/2026\/06\/ChatGPT-Image-11.-Juli-2026-19_23_58.jpg","datePublished":"2026-06-02T17:07:14+00:00","dateModified":"2026-07-20T05:42:09+00:00","description":"Dieser handgefertigte R\u00e4ucherf\u00e4cher vereint die Kraft nat\u00fcrlicher Materialien mit achtsamer Handwerkskunst. Verarbeitet werden ausgew\u00e4hlte Federn.","breadcrumb":{"@id":"https:\/\/davidmaranius.ch\/index.php\/produkt\/raeucherfaecher-mit-bergkristall-und-rune\/#breadcrumb"},"inLanguage":"de","potentialAction":[{"@type":"ReadAction","target":["https:\/\/davidmaranius.ch\/index.php\/produkt\/raeucherfaecher-mit-bergkristall-und-rune\/"]}]},{"@type":"ImageObject","inLanguage":"de","@id":"https:\/\/davidmaranius.ch\/index.php\/produkt\/raeucherfaecher-mit-bergkristall-und-rune\/#primaryimage","url":"https:\/\/davidmaranius.ch\/wp-content\/uploads\/2026\/06\/ChatGPT-Image-11.-Juli-2026-19_23_58.jpg","contentUrl":"https:\/\/davidmaranius.ch\/wp-content\/uploads\/2026\/06\/ChatGPT-Image-11.-Juli-2026-19_23_58.jpg","width":1122,"height":1402},{"@type":"BreadcrumbList","@id":"https:\/\/davidmaranius.ch\/index.php\/produkt\/raeucherfaecher-mit-bergkristall-und-rune\/#breadcrumb","itemListElement":[{"@type":"ListItem","position":1,"name":"Start","item":"https:\/\/davidmaranius.ch\/"},{"@type":"ListItem","position":2,"name":"Produkte","item":"https:\/\/davidmaranius.ch\/index.php\/shop\/"},{"@type":"ListItem","position":3,"name":"R\u00e4ucherf\u00e4cher mit Bergkristall und Rune"}]},{"@type":"WebSite","@id":"https:\/\/davidmaranius.ch\/#website","url":"https:\/\/davidmaranius.ch\/","name":"Davidmaranius","description":"","publisher":{"@id":"https:\/\/davidmaranius.ch\/#organization"},"potentialAction":[{"@type":"SearchAction","target":{"@type":"EntryPoint","urlTemplate":"https:\/\/davidmaranius.ch\/?s={search_term_string}"},"query-input":{"@type":"PropertyValueSpecification","valueRequired":true,"valueName":"search_term_string"}}],"inLanguage":"de"},{"@type":"Organization","@id":"https:\/\/davidmaranius.ch\/#organization","name":"Davidmaranius","url":"https:\/\/davidmaranius.ch\/","logo":{"@type":"ImageObject","inLanguage":"de","@id":"https:\/\/davidmaranius.ch\/#\/schema\/logo\/image\/","url":"https:\/\/davidmaranius.ch\/wp-content\/uploads\/2026\/03\/logo-uhu.png","contentUrl":"https:\/\/davidmaranius.ch\/wp-content\/uploads\/2026\/03\/logo-uhu.png","width":2560,"height":2560,"caption":"Davidmaranius"},"image":{"@id":"https:\/\/davidmaranius.ch\/#\/schema\/logo\/image\/"},"sameAs":["https:\/\/www.instagram.com\/_davidmaranius_\/"]}]}},"_links":{"self":[{"href":"https:\/\/davidmaranius.ch\/index.php\/wp-json\/wp\/v2\/product\/481","targetHints":{"allow":["GET"]}}],"collection":[{"href":"https:\/\/davidmaranius.ch\/index.php\/wp-json\/wp\/v2\/product"}],"about":[{"href":"https:\/\/davidmaranius.ch\/index.php\/wp-json\/wp\/v2\/types\/product"}],"replies":[{"embeddable":true,"href":"https:\/\/davidmaranius.ch\/index.php\/wp-json\/wp\/v2\/comments?post=481"}],"wp:featuredmedia":[{"embeddable":true,"href":"https:\/\/davidmaranius.ch\/index.php\/wp-json\/wp\/v2\/media\/575"}],"wp:attachment":[{"href":"https:\/\/davidmaranius.ch\/index.php\/wp-json\/wp\/v2\/media?parent=481"}],"wp:term":[{"taxonomy":"product_brand","embeddable":true,"href":"https:\/\/davidmaranius.ch\/index.php\/wp-json\/wp\/v2\/product_brand?post=481"},{"taxonomy":"product_cat","embeddable":true,"href":"https:\/\/davidmaranius.ch\/index.php\/wp-json\/wp\/v2\/product_cat?post=481"},{"taxonomy":"product_tag","embeddable":true,"href":"https:\/\/davidmaranius.ch\/index.php\/wp-json\/wp\/v2\/product_tag?post=481"}],"curies":[{"name":"wp","href":"https:\/\/api.w.org\/{rel}","templated":true}]}}